{"id":3724,"date":"2016-09-29T10:19:03","date_gmt":"2016-09-29T10:19:03","guid":{"rendered":"https:\/\/petitcomite.net\/projects\/caminades-2016-2\/"},"modified":"2017-11-16T11:56:06","modified_gmt":"2017-11-16T11:56:06","slug":"caminades-2016","status":"publish","type":"projects","link":"https:\/\/www.petitcomite.net\/es\/projects\/caminades-2016\/","title":{"rendered":"Caminatas 2016"},"content":{"rendered":"<p>Campa\u00f1a de Barnatresc y las Caminatas Internacionales de Barcelona que organiza el IBE (Instituto Barcelona Deportes).<\/p>\n<p>Estas caminatas populares se vienen realizando en Barcelona desde hace a\u00f1os, este a\u00f1o pero, el objetivo era ampliar el abanico de asistencia y llegar a un p\u00fablico m\u00e1s joven y familiar. Con esta premisa hemos querido dar un aspecto fresco y marcadamente diferente para cada una de las caminatas, personalizar vivencias de diferentes individuos a trav\u00e9s de intervenciones sobre su calzado.<\/p>\n<p>Para el desarrollo de la campa\u00f1a anual hemos contado con la colaboraci\u00f3n de los ilustradores Julia Solans, Martina Manya, Marc Pallar\u00e9s, Patricia Otero y Berta Artigal, que con su oficio y su propio calzado han interpretado las personalidades y sensibilidades de las varias caminatas.<\/p>\n<p>&#8212;&#8212;&#8212;&#8212;&#8212;&#8212;&#8212;&#8212;&#8212;&#8212;&#8212;&#8212;&#8212;&#8212;&#8212;&#8212;&#8211; &#8212;&#8212;&#8212;&#8212;&#8212;&#8212;&#8212;&#8212;&#8212;&#8212;&#8212;&#8212;&#8212;&#8212;&#8212;&#8212;&#8211; &#8212;&#8212;&#8212;-<br \/>\nAbajo ejemplos de 4 originales<\/p>\n<p><a href=\"https:\/\/petitcomite.net\/wp-content\/uploads\/1366-CAMINADES_2016-Imatges-2x2-web.jpg\"><img loading=\"lazy\" class=\"alignnone size-full wp-image-3107\" alt=\"1366-CAMINADES_2016-Imatges-2x2-web*\" src=\"https:\/\/petitcomite.net\/wp-content\/uploads\/1366-CAMINADES_2016-Imatges-2x2-web.jpg\" width=\"1890\" height=\"2807\" srcset=\"https:\/\/www.petitcomite.net\/wp-content\/uploads\/1366-CAMINADES_2016-Imatges-2x2-web.jpg 1890w, https:\/\/www.petitcomite.net\/wp-content\/uploads\/1366-CAMINADES_2016-Imatges-2x2-web-201x300.jpg 201w, https:\/\/www.petitcomite.net\/wp-content\/uploads\/1366-CAMINADES_2016-Imatges-2x2-web-689x1024.jpg 689w, https:\/\/www.petitcomite.net\/wp-content\/uploads\/1366-CAMINADES_2016-Imatges-2x2-web-220x326.jpg 220w\" sizes=\"(max-width: 1890px) 100vw, 1890px\" \/><\/a><\/p>\n<p>\u2013\u2013\u2013\u2013\u2013\u2013\u2013\u2013\u2013\u2013\u2013\u2013\u2013\u2013\u2013\u2013\u2013\u2013\u2013\u2013\u2013\u2013\u2013\u2013\u2013\u2013\u2013\u2013\u2013\u2013\u2013\u2013\u2013\u2013\u2013\u2013\u2013\u2013\u2013\u2013\u2013\u2013\u2013\u2013\u2013\u2013\u2013\u2013\u2013\u2013\u2013\u2013\u2013\u2013\u2013\u2013\u2013\u2013\u2013\u2013\u2013\u2013\u2013\u2013\u2013\u2013\u2013\u2013\u2013\u2013\u2013\u2013\u2013\u2013\u2013\u2013\u2013\u2013\u2013\u2013\u2013\u2013\u2013\u2013\u2013\u2013\u2013\u2013\u2013\u2013\u2013\u2013\u2013\u2013\u2013\u2013\u2013\u2013\u2013\u2013\u2013\u2013\u2013\u2013\u2013\u2013\u2013\u2013\u2013\u2013<br \/>\n<strong>Caminades Barnatresc<\/strong><\/p>\n<p><a href=\"https:\/\/petitcomite.net\/wp-content\/uploads\/1366-CAMINADES_2016-Newsletter-Mar\u00e7-1.jpg\"><img loading=\"lazy\" class=\"alignnone size-full wp-image-3171\" alt=\"1366-CAMINADES_2016-Newsletter-Mar\u00e7-1\" src=\"https:\/\/petitcomite.net\/wp-content\/uploads\/1366-CAMINADES_2016-Newsletter-Mar\u00e7-1.jpg\" width=\"858\" height=\"765\" srcset=\"https:\/\/www.petitcomite.net\/wp-content\/uploads\/1366-CAMINADES_2016-Newsletter-Mar\u00e7-1.jpg 858w, https:\/\/www.petitcomite.net\/wp-content\/uploads\/1366-CAMINADES_2016-Newsletter-Mar\u00e7-1-300x267.jpg 300w, https:\/\/www.petitcomite.net\/wp-content\/uploads\/1366-CAMINADES_2016-Newsletter-Mar\u00e7-1-220x196.jpg 220w\" sizes=\"(max-width: 858px) 100vw, 858px\" \/><\/a><\/p>\n<p>&nbsp;<\/p>\n<p><a href=\"https:\/\/petitcomite.net\/wp-content\/uploads\/1366-CAMINADES_2016-Newsletter-Maig-1-web.jpg\"><img loading=\"lazy\" class=\"alignnone size-full wp-image-3112\" alt=\"1366-CAMINADES_2016-Newsletter-Maig-1-web\" src=\"https:\/\/petitcomite.net\/wp-content\/uploads\/1366-CAMINADES_2016-Newsletter-Maig-1-web.jpg\" width=\"1016\" height=\"898\" srcset=\"https:\/\/www.petitcomite.net\/wp-content\/uploads\/1366-CAMINADES_2016-Newsletter-Maig-1-web.jpg 1016w, https:\/\/www.petitcomite.net\/wp-content\/uploads\/1366-CAMINADES_2016-Newsletter-Maig-1-web-300x265.jpg 300w, https:\/\/www.petitcomite.net\/wp-content\/uploads\/1366-CAMINADES_2016-Newsletter-Maig-1-web-220x194.jpg 220w\" sizes=\"(max-width: 1016px) 100vw, 1016px\" \/><\/a><\/p>\n<p><a href=\"https:\/\/petitcomite.net\/wp-content\/uploads\/1366-CAMINADES_2016-Newsletter-juliol-1-web.jpg\"><img loading=\"lazy\" class=\"alignnone size-full wp-image-3111\" alt=\"1366-CAMINADES_2016-Newsletter-juliol-1-web\" src=\"https:\/\/petitcomite.net\/wp-content\/uploads\/1366-CAMINADES_2016-Newsletter-juliol-1-web.jpg\" width=\"1016\" height=\"898\" srcset=\"https:\/\/www.petitcomite.net\/wp-content\/uploads\/1366-CAMINADES_2016-Newsletter-juliol-1-web.jpg 1016w, https:\/\/www.petitcomite.net\/wp-content\/uploads\/1366-CAMINADES_2016-Newsletter-juliol-1-web-300x265.jpg 300w, https:\/\/www.petitcomite.net\/wp-content\/uploads\/1366-CAMINADES_2016-Newsletter-juliol-1-web-220x194.jpg 220w\" sizes=\"(max-width: 1016px) 100vw, 1016px\" \/><\/a><\/p>\n<p><a href=\"https:\/\/petitcomite.net\/wp-content\/uploads\/1366-CAMINADES_2016-juliol-triptic-Obert-1-web.jpg\"><img loading=\"lazy\" class=\"alignnone size-full wp-image-3114\" alt=\"1366-CAMINADES_2016-juliol-triptic-Obert-1-web\" src=\"https:\/\/petitcomite.net\/wp-content\/uploads\/1366-CAMINADES_2016-juliol-triptic-Obert-1-web.jpg\" width=\"2835\" height=\"1890\" srcset=\"https:\/\/www.petitcomite.net\/wp-content\/uploads\/1366-CAMINADES_2016-juliol-triptic-Obert-1-web.jpg 2835w, https:\/\/www.petitcomite.net\/wp-content\/uploads\/1366-CAMINADES_2016-juliol-triptic-Obert-1-web-300x200.jpg 300w, https:\/\/www.petitcomite.net\/wp-content\/uploads\/1366-CAMINADES_2016-juliol-triptic-Obert-1-web-1024x682.jpg 1024w, https:\/\/www.petitcomite.net\/wp-content\/uploads\/1366-CAMINADES_2016-juliol-triptic-Obert-1-web-220x146.jpg 220w\" sizes=\"(max-width: 2835px) 100vw, 2835px\" \/><\/a><\/p>\n<p>\u2013\u2013\u2013\u2013\u2013\u2013\u2013\u2013\u2013\u2013\u2013\u2013\u2013\u2013\u2013\u2013\u2013\u2013\u2013\u2013\u2013\u2013\u2013\u2013\u2013\u2013\u2013\u2013\u2013\u2013\u2013\u2013\u2013\u2013\u2013\u2013\u2013\u2013\u2013\u2013\u2013\u2013\u2013\u2013\u2013\u2013\u2013\u2013\u2013\u2013\u2013\u2013\u2013\u2013\u2013\u2013\u2013\u2013\u2013\u2013\u2013\u2013\u2013\u2013\u2013\u2013\u2013\u2013\u2013\u2013\u2013\u2013\u2013\u2013\u2013\u2013\u2013\u2013\u2013\u2013\u2013\u2013\u2013\u2013\u2013\u2013\u2013\u2013\u2013\u2013\u2013\u2013\u2013\u2013\u2013\u2013\u2013\u2013\u2013\u2013\u2013\u2013\u2013\u2013\u2013\u2013\u2013\u2013\u2013\u2013<br \/>\n<strong>Caminada Internacional de Barcelona<\/strong><\/p>\n<p><a href=\"https:\/\/petitcomite.net\/wp-content\/uploads\/1366-CAMINADA_INT_2016-BANDEROLA-esquerra-web.jpg\"><img loading=\"lazy\" class=\"alignnone size-full wp-image-3126\" alt=\"1366-AF-CAMINADES-INT-BANDEROLA (120x90cm)-5\" src=\"https:\/\/petitcomite.net\/wp-content\/uploads\/1366-CAMINADA_INT_2016-BANDEROLA-esquerra-web.jpg\" width=\"1890\" height=\"2513\" srcset=\"https:\/\/www.petitcomite.net\/wp-content\/uploads\/1366-CAMINADA_INT_2016-BANDEROLA-esquerra-web.jpg 1890w, https:\/\/www.petitcomite.net\/wp-content\/uploads\/1366-CAMINADA_INT_2016-BANDEROLA-esquerra-web-225x300.jpg 225w, https:\/\/www.petitcomite.net\/wp-content\/uploads\/1366-CAMINADA_INT_2016-BANDEROLA-esquerra-web-770x1024.jpg 770w, https:\/\/www.petitcomite.net\/wp-content\/uploads\/1366-CAMINADA_INT_2016-BANDEROLA-esquerra-web-220x292.jpg 220w\" sizes=\"(max-width: 1890px) 100vw, 1890px\" \/><\/a><\/p>\n<p><a href=\"https:\/\/petitcomite.net\/wp-content\/uploads\/1366-CAMINADA_INT_2016-BANDEROLA-dreta-web.jpg\"><img loading=\"lazy\" class=\"alignnone size-full wp-image-3125\" alt=\"1366-AF-CAMINADES-INT-BANDEROLA (120x90cm)-5\" src=\"https:\/\/petitcomite.net\/wp-content\/uploads\/1366-CAMINADA_INT_2016-BANDEROLA-dreta-web.jpg\" width=\"1890\" height=\"2513\" srcset=\"https:\/\/www.petitcomite.net\/wp-content\/uploads\/1366-CAMINADA_INT_2016-BANDEROLA-dreta-web.jpg 1890w, https:\/\/www.petitcomite.net\/wp-content\/uploads\/1366-CAMINADA_INT_2016-BANDEROLA-dreta-web-225x300.jpg 225w, https:\/\/www.petitcomite.net\/wp-content\/uploads\/1366-CAMINADA_INT_2016-BANDEROLA-dreta-web-770x1024.jpg 770w, https:\/\/www.petitcomite.net\/wp-content\/uploads\/1366-CAMINADA_INT_2016-BANDEROLA-dreta-web-220x292.jpg 220w\" sizes=\"(max-width: 1890px) 100vw, 1890px\" \/><\/a><\/p>\n<p><a href=\"https:\/\/petitcomite.net\/wp-content\/uploads\/1366-CAMINADA_INT_2016-Fulletons-1-web.jpg\"><img loading=\"lazy\" class=\"alignnone size-full wp-image-3119\" alt=\"1366-CAMINADA_INT_2016-Fulletons-1-web\" src=\"https:\/\/petitcomite.net\/wp-content\/uploads\/1366-CAMINADA_INT_2016-Fulletons-1-web.jpg\" width=\"2006\" height=\"1890\" srcset=\"https:\/\/www.petitcomite.net\/wp-content\/uploads\/1366-CAMINADA_INT_2016-Fulletons-1-web.jpg 2006w, https:\/\/www.petitcomite.net\/wp-content\/uploads\/1366-CAMINADA_INT_2016-Fulletons-1-web-300x282.jpg 300w, https:\/\/www.petitcomite.net\/wp-content\/uploads\/1366-CAMINADA_INT_2016-Fulletons-1-web-1024x964.jpg 1024w, https:\/\/www.petitcomite.net\/wp-content\/uploads\/1366-CAMINADA_INT_2016-Fulletons-1-web-220x207.jpg 220w\" sizes=\"(max-width: 2006px) 100vw, 2006px\" \/><\/a><\/p>\n<p><a href=\"https:\/\/petitcomite.net\/wp-content\/uploads\/1366-CAMINADA_INT_2016-Bodego-1-web.jpg\"><img loading=\"lazy\" class=\"alignnone size-full wp-image-3124\" alt=\"1366-CAMINADA_INT_2016-Bodego-1-web\" src=\"https:\/\/petitcomite.net\/wp-content\/uploads\/1366-CAMINADA_INT_2016-Bodego-1-web.jpg\" width=\"1890\" height=\"1298\" srcset=\"https:\/\/www.petitcomite.net\/wp-content\/uploads\/1366-CAMINADA_INT_2016-Bodego-1-web.jpg 1890w, https:\/\/www.petitcomite.net\/wp-content\/uploads\/1366-CAMINADA_INT_2016-Bodego-1-web-300x206.jpg 300w, https:\/\/www.petitcomite.net\/wp-content\/uploads\/1366-CAMINADA_INT_2016-Bodego-1-web-1024x703.jpg 1024w, https:\/\/www.petitcomite.net\/wp-content\/uploads\/1366-CAMINADA_INT_2016-Bodego-1-web-220x151.jpg 220w\" sizes=\"(max-width: 1890px) 100vw, 1890px\" \/><\/a><\/p>\n<p><a href=\"https:\/\/petitcomite.net\/wp-content\/uploads\/1366-CAMINADA_INT_2016-Cartell-Piruli-web.jpg\"><img loading=\"lazy\" class=\"alignnone size-full wp-image-3122\" alt=\"1366-CAMINADA_INT_2016-Cartell-Piruli-web\" src=\"https:\/\/petitcomite.net\/wp-content\/uploads\/1366-CAMINADA_INT_2016-Cartell-Piruli-web.jpg\" width=\"1411\" height=\"1890\" srcset=\"https:\/\/www.petitcomite.net\/wp-content\/uploads\/1366-CAMINADA_INT_2016-Cartell-Piruli-web.jpg 1411w, https:\/\/www.petitcomite.net\/wp-content\/uploads\/1366-CAMINADA_INT_2016-Cartell-Piruli-web-223x300.jpg 223w, https:\/\/www.petitcomite.net\/wp-content\/uploads\/1366-CAMINADA_INT_2016-Cartell-Piruli-web-764x1024.jpg 764w, https:\/\/www.petitcomite.net\/wp-content\/uploads\/1366-CAMINADA_INT_2016-Cartell-Piruli-web-220x294.jpg 220w\" sizes=\"(max-width: 1411px) 100vw, 1411px\" \/><\/a><\/p>\n<p><a href=\"https:\/\/petitcomite.net\/wp-content\/uploads\/1336-CAMINADA_INT_2016-OPI-web.jpg\"><img loading=\"lazy\" class=\"alignnone size-full wp-image-3127\" alt=\"1336-CAMINADA_INT_2016-OPI-web\" src=\"https:\/\/petitcomite.net\/wp-content\/uploads\/1336-CAMINADA_INT_2016-OPI-web.jpg\" width=\"1890\" height=\"2559\" srcset=\"https:\/\/www.petitcomite.net\/wp-content\/uploads\/1336-CAMINADA_INT_2016-OPI-web.jpg 1890w, https:\/\/www.petitcomite.net\/wp-content\/uploads\/1336-CAMINADA_INT_2016-OPI-web-221x300.jpg 221w, https:\/\/www.petitcomite.net\/wp-content\/uploads\/1336-CAMINADA_INT_2016-OPI-web-756x1024.jpg 756w, https:\/\/www.petitcomite.net\/wp-content\/uploads\/1336-CAMINADA_INT_2016-OPI-web-220x297.jpg 220w\" sizes=\"(max-width: 1890px) 100vw, 1890px\" \/><\/a><\/p>\n<p><a href=\"https:\/\/petitcomite.net\/wp-content\/uploads\/1366-CAMINADES_2016-BANDEROLES.jpg\"><img loading=\"lazy\" class=\"alignnone size-full wp-image-3135\" alt=\"1366-CAMINADES_2016-BANDEROLES\" src=\"https:\/\/petitcomite.net\/wp-content\/uploads\/1366-CAMINADES_2016-BANDEROLES.jpg\" width=\"2000\" height=\"1333\" srcset=\"https:\/\/www.petitcomite.net\/wp-content\/uploads\/1366-CAMINADES_2016-BANDEROLES.jpg 2000w, https:\/\/www.petitcomite.net\/wp-content\/uploads\/1366-CAMINADES_2016-BANDEROLES-300x199.jpg 300w, https:\/\/www.petitcomite.net\/wp-content\/uploads\/1366-CAMINADES_2016-BANDEROLES-1024x682.jpg 1024w, https:\/\/www.petitcomite.net\/wp-content\/uploads\/1366-CAMINADES_2016-BANDEROLES-220x146.jpg 220w\" sizes=\"(max-width: 2000px) 100vw, 2000px\" \/><\/a><\/p>\n<p>&nbsp;<\/p>\n","protected":false},"excerpt":{"rendered":"<p>Campa\u00f1a de Barnatresc y las Caminatas Internacionales de Barcelona que organiza el IBE (Instituto Barcelona Deportes). Estas caminatas populares se vienen realizando en Barcelona desde hace a\u00f1os, este a\u00f1o pero, el objetivo era ampliar el abanico de asistencia y llegar a un p\u00fablico m\u00e1s joven y familiar. Con esta premisa hemos querido dar un aspecto [&hellip;]<\/p>\n","protected":false},"featured_media":3159,"comment_status":"closed","ping_status":"closed","template":"","meta":[],"skills":[89],"clients":[34],"acf":[],"_links":{"self":[{"href":"https:\/\/www.petitcomite.net\/es\/wp-json\/wp\/v2\/projects\/3724"}],"collection":[{"href":"https:\/\/www.petitcomite.net\/es\/wp-json\/wp\/v2\/projects"}],"about":[{"href":"https:\/\/www.petitcomite.net\/es\/wp-json\/wp\/v2\/types\/projects"}],"replies":[{"embeddable":true,"href":"https:\/\/www.petitcomite.net\/es\/wp-json\/wp\/v2\/comments?post=3724"}],"version-history":[{"count":3,"href":"https:\/\/www.petitcomite.net\/es\/wp-json\/wp\/v2\/projects\/3724\/revisions"}],"predecessor-version":[{"id":4706,"href":"https:\/\/www.petitcomite.net\/es\/wp-json\/wp\/v2\/projects\/3724\/revisions\/4706"}],"wp:featuredmedia":[{"embeddable":true,"href":"https:\/\/www.petitcomite.net\/es\/wp-json\/wp\/v2\/media\/3159"}],"wp:attachment":[{"href":"https:\/\/www.petitcomite.net\/es\/wp-json\/wp\/v2\/media?parent=3724"}],"wp:term":[{"taxonomy":"skill","embeddable":true,"href":"https:\/\/www.petitcomite.net\/es\/wp-json\/wp\/v2\/skills?post=3724"},{"taxonomy":"client","embeddable":true,"href":"https:\/\/www.petitcomite.net\/es\/wp-json\/wp\/v2\/clients?post=3724"}],"curies":[{"name":"wp","href":"https:\/\/api.w.org\/{rel}","templated":true}]}}